{"id":2402,"date":"2024-08-29T21:00:27","date_gmt":"2024-08-29T21:00:27","guid":{"rendered":"https:\/\/samuelperche.com\/?page_id=2402"},"modified":"2025-05-22T14:28:29","modified_gmt":"2025-05-22T14:28:29","slug":"autoportrait-3","status":"publish","type":"page","link":"https:\/\/samuelperche.com\/fr\/peintures\/autoportrait-3\/","title":{"rendered":"Autoportrait 3"},"content":{"rendered":"\t\t<div data-elementor-type=\"wp-page\" data-elementor-id=\"2402\" class=\"elementor elementor-2402\" data-elementor-post-type=\"page\">\n\t\t\t\t<div class=\"elementor-element elementor-element-51d87f04 e-flex e-con-boxed e-con e-parent\" data-id=\"51d87f04\" data-element_type=\"container\" data-e-type=\"container\">\n\t\t\t\t\t<div class=\"e-con-inner\">\n\t\t<div class=\"elementor-element elementor-element-566b74d7 e-con-full e-flex e-con e-child\" data-id=\"566b74d7\" data-element_type=\"container\" data-e-type=\"container\">\n\t\t\t\t<div class=\"elementor-element elementor-element-2eafb5a elementor-widget elementor-widget-image\" data-id=\"2eafb5a\" data-element_type=\"widget\" data-e-type=\"widget\" data-widget_type=\"image.default\">\n\t\t\t\t<div class=\"elementor-widget-container\">\n\t\t\t\t\t\t\t\t\t\t\t\t\t\t\t<img fetchpriority=\"high\" decoding=\"async\" width=\"800\" height=\"1000\" src=\"https:\/\/samuelperche.com\/wp-content\/uploads\/2024\/08\/Autoportrait-3-819x1024.jpg\" class=\"attachment-large size-large wp-image-2215\" alt=\"peinture gay lgbtqia+ corps malebody porno\" srcset=\"https:\/\/samuelperche.com\/wp-content\/uploads\/2024\/08\/Autoportrait-3-819x1024.jpg 819w, https:\/\/samuelperche.com\/wp-content\/uploads\/2024\/08\/Autoportrait-3-300x375.jpg 300w, https:\/\/samuelperche.com\/wp-content\/uploads\/2024\/08\/Autoportrait-3-600x750.jpg 600w, https:\/\/samuelperche.com\/wp-content\/uploads\/2024\/08\/Autoportrait-3-240x300.jpg 240w, https:\/\/samuelperche.com\/wp-content\/uploads\/2024\/08\/Autoportrait-3-768x960.jpg 768w, https:\/\/samuelperche.com\/wp-content\/uploads\/2024\/08\/Autoportrait-3-10x12.jpg 10w, https:\/\/samuelperche.com\/wp-content\/uploads\/2024\/08\/Autoportrait-3.jpg 1200w\" sizes=\"(max-width: 800px) 100vw, 800px\" \/>\t\t\t\t\t\t\t\t\t\t\t\t\t\t\t<\/div>\n\t\t\t\t<\/div>\n\t\t\t\t<\/div>\n\t\t<div class=\"elementor-element elementor-element-dc5158a e-con-full e-flex e-con e-child\" data-id=\"dc5158a\" data-element_type=\"container\" data-e-type=\"container\">\n\t\t\t\t<div class=\"elementor-element elementor-element-785aa3a2 elementor-widget elementor-widget-heading\" data-id=\"785aa3a2\" data-element_type=\"widget\" data-e-type=\"widget\" data-widget_type=\"heading.default\">\n\t\t\t\t<div class=\"elementor-widget-container\">\n\t\t\t\t\t<h1 class=\"elementor-heading-title elementor-size-default\">Autoportrait 3 <\/h1>\t\t\t\t<\/div>\n\t\t\t\t<\/div>\n\t\t\t\t<div class=\"elementor-element elementor-element-3226ab0 elementor-widget elementor-widget-heading\" data-id=\"3226ab0\" data-element_type=\"widget\" data-e-type=\"widget\" data-widget_type=\"heading.default\">\n\t\t\t\t<div class=\"elementor-widget-container\">\n\t\t\t\t\t<h2 class=\"elementor-heading-title elementor-size-default\">Acrylique sur toile de coton brut<\/h2>\t\t\t\t<\/div>\n\t\t\t\t<\/div>\n\t\t\t\t<div class=\"elementor-element elementor-element-34acf81e elementor-widget elementor-widget-heading\" data-id=\"34acf81e\" data-element_type=\"widget\" data-e-type=\"widget\" data-widget_type=\"heading.default\">\n\t\t\t\t<div class=\"elementor-widget-container\">\n\t\t\t\t\t<h2 class=\"elementor-heading-title elementor-size-default\">120 x 90 cm <\/h2>\t\t\t\t<\/div>\n\t\t\t\t<\/div>\n\t\t\t\t<div class=\"elementor-element elementor-element-d1e8a7c elementor-widget elementor-widget-heading\" data-id=\"d1e8a7c\" data-element_type=\"widget\" data-e-type=\"widget\" data-widget_type=\"heading.default\">\n\t\t\t\t<div class=\"elementor-widget-container\">\n\t\t\t\t\t<h2 class=\"elementor-heading-title elementor-size-default\">2021, La R\u00e9union<br><br><br><br><br><br><br><br><br><br><br><br><br><br><br><\/h2>\t\t\t\t<\/div>\n\t\t\t\t<\/div>\n\t\t\t\t<div class=\"elementor-element elementor-element-a644c65 elementor-widget__width-initial elementor-widget elementor-widget-heading\" data-id=\"a644c65\" data-element_type=\"widget\" data-e-type=\"widget\" data-widget_type=\"heading.default\">\n\t\t\t\t<div class=\"elementor-widget-container\">\n\t\t\t\t\t<h2 class=\"elementor-heading-title elementor-size-default\">Cadre en alu bross\u00e9, 0,8 cm \u00e9paisseur\n\nDimensions totales : 120,5 x 90,5 x 3,5 cm <\/h2>\t\t\t\t<\/div>\n\t\t\t\t<\/div>\n\t\t\t\t<\/div>\n\t\t\t\t\t<\/div>\n\t\t\t\t<\/div>\n\t\t<div class=\"elementor-element elementor-element-58301546 e-flex e-con-boxed e-con e-parent\" data-id=\"58301546\" data-element_type=\"container\" data-e-type=\"container\">\n\t\t\t\t\t<div class=\"e-con-inner\">\n\t\t<div class=\"elementor-element elementor-element-7fb88498 e-con-full e-flex e-con e-child\" data-id=\"7fb88498\" data-element_type=\"container\" data-e-type=\"container\">\n\t\t\t\t<div class=\"elementor-element elementor-element-49282f53 gallery-spacing-custom elementor-widget elementor-widget-image-gallery\" data-id=\"49282f53\" data-element_type=\"widget\" data-e-type=\"widget\" data-widget_type=\"image-gallery.default\">\n\t\t\t\t<div class=\"elementor-widget-container\">\n\t\t\t\t\t\t\t<div class=\"elementor-image-gallery\">\n\t\t\t<div id='gallery-1' class='gallery galleryid-2402 gallery-columns-3 gallery-size-full'><figure class='gallery-item'>\n\t\t\t<div class='gallery-icon landscape'>\n\t\t\t\t<a data-elementor-open-lightbox=\"yes\" data-elementor-lightbox-slideshow=\"49282f53\" data-elementor-lightbox-title=\"Autopotrait 3 d\u00e9tail 3\" data-e-action-hash=\"#elementor-action%3Aaction%3Dlightbox%26settings%3DeyJpZCI6NjI5LCJ1cmwiOiJodHRwczpcL1wvc2FtdWVscGVyY2hlLmNvbVwvd3AtY29udGVudFwvdXBsb2Fkc1wvMjAyNFwvMDdcL2F1dG9wb3J0cmFpdC0zLWRldGFpbC0zLmpwZyIsInNsaWRlc2hvdyI6IjQ5MjgyZjUzIn0%3D\" href='https:\/\/samuelperche.com\/wp-content\/uploads\/2024\/07\/autoportrait-3-detail-3.jpg'><img decoding=\"async\" width=\"2400\" height=\"2400\" src=\"https:\/\/samuelperche.com\/wp-content\/uploads\/2024\/07\/autoportrait-3-detail-3.jpg\" class=\"attachment-full size-full\" alt=\"Autopotrait 3 \/ Close Up d\u00e9tail 3\" aria-describedby=\"gallery-1-629\" srcset=\"https:\/\/samuelperche.com\/wp-content\/uploads\/2024\/07\/autoportrait-3-detail-3.jpg 2400w, https:\/\/samuelperche.com\/wp-content\/uploads\/2024\/07\/autoportrait-3-detail-3-300x300.jpg 300w, https:\/\/samuelperche.com\/wp-content\/uploads\/2024\/07\/autoportrait-3-detail-3-100x100.jpg 100w, https:\/\/samuelperche.com\/wp-content\/uploads\/2024\/07\/autoportrait-3-detail-3-600x600.jpg 600w, https:\/\/samuelperche.com\/wp-content\/uploads\/2024\/07\/autoportrait-3-detail-3-1024x1024.jpg 1024w, https:\/\/samuelperche.com\/wp-content\/uploads\/2024\/07\/autoportrait-3-detail-3-150x150.jpg 150w, https:\/\/samuelperche.com\/wp-content\/uploads\/2024\/07\/autoportrait-3-detail-3-768x768.jpg 768w, https:\/\/samuelperche.com\/wp-content\/uploads\/2024\/07\/autoportrait-3-detail-3-1536x1536.jpg 1536w, https:\/\/samuelperche.com\/wp-content\/uploads\/2024\/07\/autoportrait-3-detail-3-2048x2048.jpg 2048w\" sizes=\"(max-width: 2400px) 100vw, 2400px\" \/><\/a>\n\t\t\t<\/div>\n\t\t\t\t<figcaption class='wp-caption-text gallery-caption' id='gallery-1-629'>\n\t\t\t\tAutopotrait 3 \/ Close Up 3\n\t\t\t\t<\/figcaption><\/figure><figure class='gallery-item'>\n\t\t\t<div class='gallery-icon landscape'>\n\t\t\t\t<a data-elementor-open-lightbox=\"yes\" data-elementor-lightbox-slideshow=\"49282f53\" data-elementor-lightbox-title=\"Autopotrait 3 d\u00e9tail 1\" data-e-action-hash=\"#elementor-action%3Aaction%3Dlightbox%26settings%3DeyJpZCI6NjI3LCJ1cmwiOiJodHRwczpcL1wvc2FtdWVscGVyY2hlLmNvbVwvd3AtY29udGVudFwvdXBsb2Fkc1wvMjAyNFwvMDdcL2F1dG9wb3J0cmFpdC0zLWRldGFpbC0xLmpwZyIsInNsaWRlc2hvdyI6IjQ5MjgyZjUzIn0%3D\" href='https:\/\/samuelperche.com\/wp-content\/uploads\/2024\/07\/autoportrait-3-detail-1.jpg'><img decoding=\"async\" width=\"2400\" height=\"2400\" src=\"https:\/\/samuelperche.com\/wp-content\/uploads\/2024\/07\/autoportrait-3-detail-1.jpg\" class=\"attachment-full size-full\" alt=\"Autopotrait 3 \/ Close Up d\u00e9tail 1\" aria-describedby=\"gallery-1-627\" srcset=\"https:\/\/samuelperche.com\/wp-content\/uploads\/2024\/07\/autoportrait-3-detail-1.jpg 2400w, https:\/\/samuelperche.com\/wp-content\/uploads\/2024\/07\/autoportrait-3-detail-1-300x300.jpg 300w, https:\/\/samuelperche.com\/wp-content\/uploads\/2024\/07\/autoportrait-3-detail-1-100x100.jpg 100w, https:\/\/samuelperche.com\/wp-content\/uploads\/2024\/07\/autoportrait-3-detail-1-600x600.jpg 600w, https:\/\/samuelperche.com\/wp-content\/uploads\/2024\/07\/autoportrait-3-detail-1-1024x1024.jpg 1024w, https:\/\/samuelperche.com\/wp-content\/uploads\/2024\/07\/autoportrait-3-detail-1-150x150.jpg 150w, https:\/\/samuelperche.com\/wp-content\/uploads\/2024\/07\/autoportrait-3-detail-1-768x768.jpg 768w, https:\/\/samuelperche.com\/wp-content\/uploads\/2024\/07\/autoportrait-3-detail-1-1536x1536.jpg 1536w, https:\/\/samuelperche.com\/wp-content\/uploads\/2024\/07\/autoportrait-3-detail-1-2048x2048.jpg 2048w\" sizes=\"(max-width: 2400px) 100vw, 2400px\" \/><\/a>\n\t\t\t<\/div>\n\t\t\t\t<figcaption class='wp-caption-text gallery-caption' id='gallery-1-627'>\n\t\t\t\tAutopotrait 3 \/ Close Up 1\n\t\t\t\t<\/figcaption><\/figure><figure class='gallery-item'>\n\t\t\t<div class='gallery-icon landscape'>\n\t\t\t\t<a data-elementor-open-lightbox=\"yes\" data-elementor-lightbox-slideshow=\"49282f53\" data-elementor-lightbox-title=\"Autopotrait 3 d\u00e9tail 4\" data-e-action-hash=\"#elementor-action%3Aaction%3Dlightbox%26settings%3DeyJpZCI6NjMwLCJ1cmwiOiJodHRwczpcL1wvc2FtdWVscGVyY2hlLmNvbVwvd3AtY29udGVudFwvdXBsb2Fkc1wvMjAyNFwvMDdcL2F1dG9wb3J0cmFpdC0zLWRldGFpbC00LmpwZyIsInNsaWRlc2hvdyI6IjQ5MjgyZjUzIn0%3D\" href='https:\/\/samuelperche.com\/wp-content\/uploads\/2024\/07\/autoportrait-3-detail-4.jpg'><img loading=\"lazy\" decoding=\"async\" width=\"2400\" height=\"2400\" src=\"https:\/\/samuelperche.com\/wp-content\/uploads\/2024\/07\/autoportrait-3-detail-4.jpg\" class=\"attachment-full size-full\" alt=\"Autopotrait 3 \/ Close Up d\u00e9tail 4\" aria-describedby=\"gallery-1-630\" srcset=\"https:\/\/samuelperche.com\/wp-content\/uploads\/2024\/07\/autoportrait-3-detail-4.jpg 2400w, https:\/\/samuelperche.com\/wp-content\/uploads\/2024\/07\/autoportrait-3-detail-4-300x300.jpg 300w, https:\/\/samuelperche.com\/wp-content\/uploads\/2024\/07\/autoportrait-3-detail-4-100x100.jpg 100w, https:\/\/samuelperche.com\/wp-content\/uploads\/2024\/07\/autoportrait-3-detail-4-600x600.jpg 600w, https:\/\/samuelperche.com\/wp-content\/uploads\/2024\/07\/autoportrait-3-detail-4-1024x1024.jpg 1024w, https:\/\/samuelperche.com\/wp-content\/uploads\/2024\/07\/autoportrait-3-detail-4-150x150.jpg 150w, https:\/\/samuelperche.com\/wp-content\/uploads\/2024\/07\/autoportrait-3-detail-4-768x768.jpg 768w, https:\/\/samuelperche.com\/wp-content\/uploads\/2024\/07\/autoportrait-3-detail-4-1536x1536.jpg 1536w, https:\/\/samuelperche.com\/wp-content\/uploads\/2024\/07\/autoportrait-3-detail-4-2048x2048.jpg 2048w\" sizes=\"(max-width: 2400px) 100vw, 2400px\" \/><\/a>\n\t\t\t<\/div>\n\t\t\t\t<figcaption class='wp-caption-text gallery-caption' id='gallery-1-630'>\n\t\t\t\tAutopotrait 3 \/ Close Up 4\n\t\t\t\t<\/figcaption><\/figure><figure class='gallery-item'>\n\t\t\t<div class='gallery-icon landscape'>\n\t\t\t\t<a data-elementor-open-lightbox=\"yes\" data-elementor-lightbox-slideshow=\"49282f53\" data-elementor-lightbox-title=\"Autopotrait 3 d\u00e9tail 5\" data-e-action-hash=\"#elementor-action%3Aaction%3Dlightbox%26settings%3DeyJpZCI6NjMxLCJ1cmwiOiJodHRwczpcL1wvc2FtdWVscGVyY2hlLmNvbVwvd3AtY29udGVudFwvdXBsb2Fkc1wvMjAyNFwvMDdcL2F1dG9wb3J0cmFpdC0zLWRldGFpbC01LmpwZyIsInNsaWRlc2hvdyI6IjQ5MjgyZjUzIn0%3D\" href='https:\/\/samuelperche.com\/wp-content\/uploads\/2024\/07\/autoportrait-3-detail-5.jpg'><img loading=\"lazy\" decoding=\"async\" width=\"2400\" height=\"2400\" src=\"https:\/\/samuelperche.com\/wp-content\/uploads\/2024\/07\/autoportrait-3-detail-5.jpg\" class=\"attachment-full size-full\" alt=\"Autopotrait 3 \/ Close Up d\u00e9tail 5\" aria-describedby=\"gallery-1-631\" srcset=\"https:\/\/samuelperche.com\/wp-content\/uploads\/2024\/07\/autoportrait-3-detail-5.jpg 2400w, https:\/\/samuelperche.com\/wp-content\/uploads\/2024\/07\/autoportrait-3-detail-5-300x300.jpg 300w, https:\/\/samuelperche.com\/wp-content\/uploads\/2024\/07\/autoportrait-3-detail-5-100x100.jpg 100w, https:\/\/samuelperche.com\/wp-content\/uploads\/2024\/07\/autoportrait-3-detail-5-600x600.jpg 600w, https:\/\/samuelperche.com\/wp-content\/uploads\/2024\/07\/autoportrait-3-detail-5-1024x1024.jpg 1024w, https:\/\/samuelperche.com\/wp-content\/uploads\/2024\/07\/autoportrait-3-detail-5-150x150.jpg 150w, https:\/\/samuelperche.com\/wp-content\/uploads\/2024\/07\/autoportrait-3-detail-5-768x768.jpg 768w, https:\/\/samuelperche.com\/wp-content\/uploads\/2024\/07\/autoportrait-3-detail-5-1536x1536.jpg 1536w, https:\/\/samuelperche.com\/wp-content\/uploads\/2024\/07\/autoportrait-3-detail-5-2048x2048.jpg 2048w\" sizes=\"(max-width: 2400px) 100vw, 2400px\" \/><\/a>\n\t\t\t<\/div>\n\t\t\t\t<figcaption class='wp-caption-text gallery-caption' id='gallery-1-631'>\n\t\t\t\tAutopotrait 3 \/ Close Up 5\n\t\t\t\t<\/figcaption><\/figure><figure class='gallery-item'>\n\t\t\t<div class='gallery-icon landscape'>\n\t\t\t\t<a data-elementor-open-lightbox=\"yes\" data-elementor-lightbox-slideshow=\"49282f53\" data-elementor-lightbox-title=\"Autopotrait 3 d\u00e9tail 2\" data-e-action-hash=\"#elementor-action%3Aaction%3Dlightbox%26settings%3DeyJpZCI6NjI4LCJ1cmwiOiJodHRwczpcL1wvc2FtdWVscGVyY2hlLmNvbVwvd3AtY29udGVudFwvdXBsb2Fkc1wvMjAyNFwvMDdcL2F1dG9wb3J0cmFpdC0zLWRldGFpbC0yLmpwZyIsInNsaWRlc2hvdyI6IjQ5MjgyZjUzIn0%3D\" href='https:\/\/samuelperche.com\/wp-content\/uploads\/2024\/07\/autoportrait-3-detail-2.jpg'><img loading=\"lazy\" decoding=\"async\" width=\"2400\" height=\"2400\" src=\"https:\/\/samuelperche.com\/wp-content\/uploads\/2024\/07\/autoportrait-3-detail-2.jpg\" class=\"attachment-full size-full\" alt=\"Autopotrait 3 \/ Close Up d\u00e9tail 2\" aria-describedby=\"gallery-1-628\" srcset=\"https:\/\/samuelperche.com\/wp-content\/uploads\/2024\/07\/autoportrait-3-detail-2.jpg 2400w, https:\/\/samuelperche.com\/wp-content\/uploads\/2024\/07\/autoportrait-3-detail-2-300x300.jpg 300w, https:\/\/samuelperche.com\/wp-content\/uploads\/2024\/07\/autoportrait-3-detail-2-100x100.jpg 100w, https:\/\/samuelperche.com\/wp-content\/uploads\/2024\/07\/autoportrait-3-detail-2-600x600.jpg 600w, https:\/\/samuelperche.com\/wp-content\/uploads\/2024\/07\/autoportrait-3-detail-2-1024x1024.jpg 1024w, https:\/\/samuelperche.com\/wp-content\/uploads\/2024\/07\/autoportrait-3-detail-2-150x150.jpg 150w, https:\/\/samuelperche.com\/wp-content\/uploads\/2024\/07\/autoportrait-3-detail-2-768x768.jpg 768w, https:\/\/samuelperche.com\/wp-content\/uploads\/2024\/07\/autoportrait-3-detail-2-1536x1536.jpg 1536w, https:\/\/samuelperche.com\/wp-content\/uploads\/2024\/07\/autoportrait-3-detail-2-2048x2048.jpg 2048w\" sizes=\"(max-width: 2400px) 100vw, 2400px\" \/><\/a>\n\t\t\t<\/div>\n\t\t\t\t<figcaption class='wp-caption-text gallery-caption' id='gallery-1-628'>\n\t\t\t\tAutopotrait 3 \/ Close Up 2\n\t\t\t\t<\/figcaption><\/figure><figure class='gallery-item'>\n\t\t\t<div class='gallery-icon landscape'>\n\t\t\t\t<a data-elementor-open-lightbox=\"yes\" data-elementor-lightbox-slideshow=\"49282f53\" data-elementor-lightbox-title=\"Autopotrait 3 \/ Signature\" data-e-action-hash=\"#elementor-action%3Aaction%3Dlightbox%26settings%3DeyJpZCI6NjI2LCJ1cmwiOiJodHRwczpcL1wvc2FtdWVscGVyY2hlLmNvbVwvd3AtY29udGVudFwvdXBsb2Fkc1wvMjAyNFwvMDdcL2F1dG9wb3J0cmFpdC0zLTEyMHg5MC0yMDIxLXNpZ25hdHVyZS5qcGciLCJzbGlkZXNob3ciOiI0OTI4MmY1MyJ9\" data-elementor-lightbox-description=\"Acrylique sur toile de coton\r\nDimensions : 120x90 cm\r\nAnn\u00e9e : 2021\r\nEncadrement : Cadre m\u00e9tal Alu bross\u00e9, baguette 0,8 cm. Dimensions totales :  120,5 x 90,5 x 3,5 cm \" href='https:\/\/samuelperche.com\/wp-content\/uploads\/2024\/07\/autoportrait-3-120x90-2021-signature.jpg'><img loading=\"lazy\" decoding=\"async\" width=\"2400\" height=\"2400\" src=\"https:\/\/samuelperche.com\/wp-content\/uploads\/2024\/07\/autoportrait-3-120x90-2021-signature.jpg\" class=\"attachment-full size-full\" alt=\"Autopotrait 3 \/ Close Up Signature\" aria-describedby=\"gallery-1-626\" srcset=\"https:\/\/samuelperche.com\/wp-content\/uploads\/2024\/07\/autoportrait-3-120x90-2021-signature.jpg 2400w, https:\/\/samuelperche.com\/wp-content\/uploads\/2024\/07\/autoportrait-3-120x90-2021-signature-300x300.jpg 300w, https:\/\/samuelperche.com\/wp-content\/uploads\/2024\/07\/autoportrait-3-120x90-2021-signature-100x100.jpg 100w, https:\/\/samuelperche.com\/wp-content\/uploads\/2024\/07\/autoportrait-3-120x90-2021-signature-600x600.jpg 600w, https:\/\/samuelperche.com\/wp-content\/uploads\/2024\/07\/autoportrait-3-120x90-2021-signature-1024x1024.jpg 1024w, https:\/\/samuelperche.com\/wp-content\/uploads\/2024\/07\/autoportrait-3-120x90-2021-signature-150x150.jpg 150w, https:\/\/samuelperche.com\/wp-content\/uploads\/2024\/07\/autoportrait-3-120x90-2021-signature-768x768.jpg 768w, https:\/\/samuelperche.com\/wp-content\/uploads\/2024\/07\/autoportrait-3-120x90-2021-signature-1536x1536.jpg 1536w, https:\/\/samuelperche.com\/wp-content\/uploads\/2024\/07\/autoportrait-3-120x90-2021-signature-2048x2048.jpg 2048w\" sizes=\"(max-width: 2400px) 100vw, 2400px\" \/><\/a>\n\t\t\t<\/div>\n\t\t\t\t<figcaption class='wp-caption-text gallery-caption' id='gallery-1-626'>\n\t\t\t\tClose Up \/ Signature + Encadrement : Cadre m\u00e9tal Alu bross\u00e9, baguette 0,8 cm\n\t\t\t\t<\/figcaption><\/figure><figure class='gallery-item'>\n\t\t\t<div class='gallery-icon portrait'>\n\t\t\t\t<a data-elementor-open-lightbox=\"yes\" data-elementor-lightbox-slideshow=\"49282f53\" data-elementor-lightbox-title=\"Autoportrait 3\" data-e-action-hash=\"#elementor-action%3Aaction%3Dlightbox%26settings%3DeyJpZCI6NjI0LCJ1cmwiOiJodHRwczpcL1wvc2FtdWVscGVyY2hlLmNvbVwvd3AtY29udGVudFwvdXBsb2Fkc1wvMjAyNFwvMDdcL2F1dG9wb3J0cmFpdC0zLTEyMHg5MC0yMDIxLWZyYW1lLXNjYWxlZC5qcGciLCJzbGlkZXNob3ciOiI0OTI4MmY1MyJ9\" data-elementor-lightbox-description=\"Acrylique sur toile de coton\r\nDimensions : 120x90 cm\r\nAnn\u00e9e : 2021\r\nEncadrement : Cadre m\u00e9tal Alu bross\u00e9, baguette 0,8 cm. Dimensions totales :  120,5 x 90,5 x 3,5 cm \r\n\" href='https:\/\/samuelperche.com\/wp-content\/uploads\/2024\/07\/autoportrait-3-120x90-2021-frame-scaled.jpg'><img loading=\"lazy\" decoding=\"async\" width=\"2048\" height=\"2560\" src=\"https:\/\/samuelperche.com\/wp-content\/uploads\/2024\/07\/autoportrait-3-120x90-2021-frame-scaled.jpg\" class=\"attachment-full size-full\" alt=\"Autoportrait 3, 120x90 cm, 2021\" aria-describedby=\"gallery-1-624\" srcset=\"https:\/\/samuelperche.com\/wp-content\/uploads\/2024\/07\/autoportrait-3-120x90-2021-frame-scaled.jpg 2048w, https:\/\/samuelperche.com\/wp-content\/uploads\/2024\/07\/autoportrait-3-120x90-2021-frame-scaled-300x375.jpg 300w, https:\/\/samuelperche.com\/wp-content\/uploads\/2024\/07\/autoportrait-3-120x90-2021-frame-scaled-600x750.jpg 600w, https:\/\/samuelperche.com\/wp-content\/uploads\/2024\/07\/autoportrait-3-120x90-2021-frame-240x300.jpg 240w, https:\/\/samuelperche.com\/wp-content\/uploads\/2024\/07\/autoportrait-3-120x90-2021-frame-819x1024.jpg 819w, https:\/\/samuelperche.com\/wp-content\/uploads\/2024\/07\/autoportrait-3-120x90-2021-frame-768x960.jpg 768w, https:\/\/samuelperche.com\/wp-content\/uploads\/2024\/07\/autoportrait-3-120x90-2021-frame-1229x1536.jpg 1229w, https:\/\/samuelperche.com\/wp-content\/uploads\/2024\/07\/autoportrait-3-120x90-2021-frame-1638x2048.jpg 1638w\" sizes=\"(max-width: 2048px) 100vw, 2048px\" \/><\/a>\n\t\t\t<\/div>\n\t\t\t\t<figcaption class='wp-caption-text gallery-caption' id='gallery-1-624'>\n\t\t\t\tAcrylique sur toile, 120&#215;90 cm, 2021\n\t\t\t\t<\/figcaption><\/figure>\n\t\t<\/div>\n\t\t<\/div>\n\t\t\t\t\t\t<\/div>\n\t\t\t\t<\/div>\n\t\t\t\t<\/div>\n\t\t<div class=\"elementor-element elementor-element-7f83dd96 e-con-full e-flex e-con e-child\" data-id=\"7f83dd96\" data-element_type=\"container\" data-e-type=\"container\">\n\t\t\t\t<div class=\"elementor-element elementor-element-460b7b12 elementor-widget elementor-widget-image\" data-id=\"460b7b12\" data-element_type=\"widget\" data-e-type=\"widget\" data-widget_type=\"image.default\">\n\t\t\t\t<div class=\"elementor-widget-container\">\n\t\t\t\t\t\t\t\t\t\t\t\t\t\t\t\t<a href=\"https:\/\/samuelperche.com\/wp-content\/uploads\/2024\/08\/Autoportrait-3.jpg\" data-elementor-open-lightbox=\"yes\" data-elementor-lightbox-title=\"Autoportrait 3\" data-elementor-lightbox-description=\"Acrylique sur toile de coton\nDimensions : 120x90 cm\nAnn\u00e9e : 2021\nEncadrement : Cadre m\u00e9tal Alu bross\u00e9, baguette 0,8 cm. Dimensions totales :  120,5 x 90,5 x 3,5 cm \n\" data-e-action-hash=\"#elementor-action%3Aaction%3Dlightbox%26settings%3DeyJpZCI6MjIxNSwidXJsIjoiaHR0cHM6XC9cL3NhbXVlbHBlcmNoZS5jb21cL3dwLWNvbnRlbnRcL3VwbG9hZHNcLzIwMjRcLzA4XC9BdXRvcG9ydHJhaXQtMy5qcGcifQ%3D%3D\">\n\t\t\t\t\t\t\t<img loading=\"lazy\" decoding=\"async\" width=\"1200\" height=\"1500\" src=\"https:\/\/samuelperche.com\/wp-content\/uploads\/2024\/08\/Autoportrait-3.jpg\" class=\"attachment-full size-full wp-image-2215\" alt=\"peinture gay lgbtqia+ corps malebody porno\" srcset=\"https:\/\/samuelperche.com\/wp-content\/uploads\/2024\/08\/Autoportrait-3.jpg 1200w, https:\/\/samuelperche.com\/wp-content\/uploads\/2024\/08\/Autoportrait-3-300x375.jpg 300w, https:\/\/samuelperche.com\/wp-content\/uploads\/2024\/08\/Autoportrait-3-600x750.jpg 600w, https:\/\/samuelperche.com\/wp-content\/uploads\/2024\/08\/Autoportrait-3-240x300.jpg 240w, https:\/\/samuelperche.com\/wp-content\/uploads\/2024\/08\/Autoportrait-3-819x1024.jpg 819w, https:\/\/samuelperche.com\/wp-content\/uploads\/2024\/08\/Autoportrait-3-768x960.jpg 768w, https:\/\/samuelperche.com\/wp-content\/uploads\/2024\/08\/Autoportrait-3-10x12.jpg 10w\" sizes=\"(max-width: 1200px) 100vw, 1200px\" \/>\t\t\t\t\t\t\t\t<\/a>\n\t\t\t\t\t\t\t\t\t\t\t\t\t\t\t<\/div>\n\t\t\t\t<\/div>\n\t\t\t\t<\/div>\n\t\t\t\t\t<\/div>\n\t\t\t\t<\/div>\n\t\t<div class=\"elementor-element elementor-element-3d790546 e-flex e-con-boxed e-con e-parent\" data-id=\"3d790546\" data-element_type=\"container\" data-e-type=\"container\" data-settings=\"{&quot;background_background&quot;:&quot;classic&quot;}\">\n\t\t\t\t\t<div class=\"e-con-inner\">\n\t\t\t\t<div class=\"elementor-element elementor-element-7ba1f903 elementor-widget elementor-widget-heading\" data-id=\"7ba1f903\" data-element_type=\"widget\" data-e-type=\"widget\" data-widget_type=\"heading.default\">\n\t\t\t\t<div class=\"elementor-widget-container\">\n\t\t\t\t\t<h2 class=\"elementor-heading-title elementor-size-default\">Vous souhaitez acheter ce tableau ?<\/h2>\t\t\t\t<\/div>\n\t\t\t\t<\/div>\n\t\t\t\t<div class=\"elementor-element elementor-element-33fde58e elementor-mobile-align-center elementor-align-center elementor-widget elementor-widget-button\" data-id=\"33fde58e\" data-element_type=\"widget\" data-e-type=\"widget\" data-widget_type=\"button.default\">\n\t\t\t\t<div class=\"elementor-widget-container\">\n\t\t\t\t\t\t\t\t\t<div class=\"elementor-button-wrapper\">\n\t\t\t\t\t<a class=\"elementor-button elementor-button-link elementor-size-sm\" href=\"https:\/\/samuelperche.com\/fr\/produit\/autoportrait-3\/\" target=\"_blank\">\n\t\t\t\t\t\t<span class=\"elementor-button-content-wrapper\">\n\t\t\t\t\t\t\t\t\t<span class=\"elementor-button-text\">Boutique<\/span>\n\t\t\t\t\t<\/span>\n\t\t\t\t\t<\/a>\n\t\t\t\t<\/div>\n\t\t\t\t\t\t\t\t<\/div>\n\t\t\t\t<\/div>\n\t\t\t\t\t<\/div>\n\t\t\t\t<\/div>\n\t\t\t\t<\/div>\n\t\t","protected":false},"excerpt":{"rendered":"<p>Autoportrait 3 Acrylique sur toile de coton brut 120 x 90 cm 2021, La R\u00e9union Cadre en alu bross\u00e9, 0,8 cm \u00e9paisseur Dimensions totales : 120,5 x 90,5 x 3,5 cm Autopotrait 3 \/ Close Up 3 Autopotrait 3 \/ Close Up 1 Autopotrait 3 \/ Close Up 4 Autopotrait 3 \/ Close Up 5 [&hellip;]<\/p>\n","protected":false},"author":3,"featured_media":2215,"parent":2114,"menu_order":0,"comment_status":"closed","ping_status":"closed","template":"","meta":{"_monsterinsights_skip_tracking":false,"_monsterinsights_sitenote_active":false,"_monsterinsights_sitenote_note":"","_monsterinsights_sitenote_category":0,"footnotes":""},"class_list":["post-2402","page","type-page","status-publish","has-post-thumbnail","hentry"],"yoast_head":"<!-- This site is optimized with the Yoast SEO plugin v27.3 - https:\/\/yoast.com\/product\/yoast-seo-wordpress\/ -->\n<title>Autoportrait 3 &#8211; Samuel Perche<\/title>\n<meta name=\"description\" content=\"Retrouvez Autoportrait 3, une peinture r\u00e9alis\u00e9e par Samuel Perche. Cette \u0153uvre est disponible \u00e0 l&#039;achat dans la boutique en ligne.\" \/>\n<meta name=\"robots\" content=\"index, follow, max-snippet:-1, max-image-preview:large, max-video-preview:-1\" \/>\n<link rel=\"canonical\" href=\"https:\/\/samuelperche.com\/fr\/peintures\/autoportrait-3\/\" \/>\n<meta property=\"og:locale\" content=\"fr_FR\" \/>\n<meta property=\"og:type\" content=\"article\" \/>\n<meta property=\"og:title\" content=\"Autoportrait 3 &#8211; Samuel Perche\" \/>\n<meta property=\"og:description\" content=\"Retrouvez Autoportrait 3, une peinture r\u00e9alis\u00e9e par Samuel Perche. Cette \u0153uvre est disponible \u00e0 l&#039;achat dans la boutique en ligne.\" \/>\n<meta property=\"og:url\" content=\"https:\/\/samuelperche.com\/fr\/peintures\/autoportrait-3\/\" \/>\n<meta property=\"og:site_name\" content=\"Samuel Perche\" \/>\n<meta property=\"article:modified_time\" content=\"2025-05-22T14:28:29+00:00\" \/>\n<meta property=\"og:image\" content=\"https:\/\/samuelperche.com\/wp-content\/uploads\/2024\/08\/Autoportrait-3.jpg\" \/>\n\t<meta property=\"og:image:width\" content=\"1200\" \/>\n\t<meta property=\"og:image:height\" content=\"1500\" \/>\n\t<meta property=\"og:image:type\" content=\"image\/jpeg\" \/>\n<meta name=\"twitter:card\" content=\"summary_large_image\" \/>\n<meta name=\"twitter:label1\" content=\"Dur\u00e9e de lecture estim\u00e9e\" \/>\n\t<meta name=\"twitter:data1\" content=\"3 minutes\" \/>\n<script type=\"application\/ld+json\" class=\"yoast-schema-graph\">{\"@context\":\"https:\\\/\\\/schema.org\",\"@graph\":[{\"@type\":\"WebPage\",\"@id\":\"https:\\\/\\\/samuelperche.com\\\/fr\\\/peintures\\\/autoportrait-3\\\/\",\"url\":\"https:\\\/\\\/samuelperche.com\\\/fr\\\/peintures\\\/autoportrait-3\\\/\",\"name\":\"Autoportrait 3 &#8211; Samuel Perche\",\"isPartOf\":{\"@id\":\"https:\\\/\\\/samuelperche.com\\\/#website\"},\"primaryImageOfPage\":{\"@id\":\"https:\\\/\\\/samuelperche.com\\\/fr\\\/peintures\\\/autoportrait-3\\\/#primaryimage\"},\"image\":{\"@id\":\"https:\\\/\\\/samuelperche.com\\\/fr\\\/peintures\\\/autoportrait-3\\\/#primaryimage\"},\"thumbnailUrl\":\"https:\\\/\\\/samuelperche.com\\\/wp-content\\\/uploads\\\/2024\\\/08\\\/Autoportrait-3.jpg\",\"datePublished\":\"2024-08-29T21:00:27+00:00\",\"dateModified\":\"2025-05-22T14:28:29+00:00\",\"description\":\"Retrouvez Autoportrait 3, une peinture r\u00e9alis\u00e9e par Samuel Perche. Cette \u0153uvre est disponible \u00e0 l'achat dans la boutique en ligne.\",\"breadcrumb\":{\"@id\":\"https:\\\/\\\/samuelperche.com\\\/fr\\\/peintures\\\/autoportrait-3\\\/#breadcrumb\"},\"inLanguage\":\"fr-FR\",\"potentialAction\":[{\"@type\":\"ReadAction\",\"target\":[\"https:\\\/\\\/samuelperche.com\\\/fr\\\/peintures\\\/autoportrait-3\\\/\"]}]},{\"@type\":\"ImageObject\",\"inLanguage\":\"fr-FR\",\"@id\":\"https:\\\/\\\/samuelperche.com\\\/fr\\\/peintures\\\/autoportrait-3\\\/#primaryimage\",\"url\":\"https:\\\/\\\/samuelperche.com\\\/wp-content\\\/uploads\\\/2024\\\/08\\\/Autoportrait-3.jpg\",\"contentUrl\":\"https:\\\/\\\/samuelperche.com\\\/wp-content\\\/uploads\\\/2024\\\/08\\\/Autoportrait-3.jpg\",\"width\":1200,\"height\":1500,\"caption\":\"Acrylique sur toile, 120x90 cm, 2021\"},{\"@type\":\"BreadcrumbList\",\"@id\":\"https:\\\/\\\/samuelperche.com\\\/fr\\\/peintures\\\/autoportrait-3\\\/#breadcrumb\",\"itemListElement\":[{\"@type\":\"ListItem\",\"position\":1,\"name\":\"Accueil\",\"item\":\"https:\\\/\\\/samuelperche.com\\\/\"},{\"@type\":\"ListItem\",\"position\":2,\"name\":\"Peintures\",\"item\":\"https:\\\/\\\/samuelperche.com\\\/fr\\\/peintures\\\/\"},{\"@type\":\"ListItem\",\"position\":3,\"name\":\"Autoportrait 3\"}]},{\"@type\":\"WebSite\",\"@id\":\"https:\\\/\\\/samuelperche.com\\\/#website\",\"url\":\"https:\\\/\\\/samuelperche.com\\\/\",\"name\":\"Samuel Perche\",\"description\":\"Artiste queer\",\"publisher\":{\"@id\":\"https:\\\/\\\/samuelperche.com\\\/#\\\/schema\\\/person\\\/89bf2b3a24aec0e915e96350a12fd09c\"},\"potentialAction\":[{\"@type\":\"SearchAction\",\"target\":{\"@type\":\"EntryPoint\",\"urlTemplate\":\"https:\\\/\\\/samuelperche.com\\\/?s={search_term_string}\"},\"query-input\":{\"@type\":\"PropertyValueSpecification\",\"valueRequired\":true,\"valueName\":\"search_term_string\"}}],\"inLanguage\":\"fr-FR\"},{\"@type\":[\"Person\",\"Organization\"],\"@id\":\"https:\\\/\\\/samuelperche.com\\\/#\\\/schema\\\/person\\\/89bf2b3a24aec0e915e96350a12fd09c\",\"name\":\"Samuel\",\"image\":{\"@type\":\"ImageObject\",\"inLanguage\":\"fr-FR\",\"@id\":\"https:\\\/\\\/samuelperche.com\\\/wp-content\\\/uploads\\\/2024\\\/08\\\/Sam-photo-Profil-copie.jpg\",\"url\":\"https:\\\/\\\/samuelperche.com\\\/wp-content\\\/uploads\\\/2024\\\/08\\\/Sam-photo-Profil-copie.jpg\",\"contentUrl\":\"https:\\\/\\\/samuelperche.com\\\/wp-content\\\/uploads\\\/2024\\\/08\\\/Sam-photo-Profil-copie.jpg\",\"width\":750,\"height\":750,\"caption\":\"Samuel\"},\"logo\":{\"@id\":\"https:\\\/\\\/samuelperche.com\\\/wp-content\\\/uploads\\\/2024\\\/08\\\/Sam-photo-Profil-copie.jpg\"},\"sameAs\":[\"https:\\\/\\\/samuelperche.com\"]}]}<\/script>\n<!-- \/ Yoast SEO plugin. -->","yoast_head_json":{"title":"Autoportrait 3 &#8211; Samuel Perche","description":"Retrouvez Autoportrait 3, une peinture r\u00e9alis\u00e9e par Samuel Perche. Cette \u0153uvre est disponible \u00e0 l'achat dans la boutique en ligne.","robots":{"index":"index","follow":"follow","max-snippet":"max-snippet:-1","max-image-preview":"max-image-preview:large","max-video-preview":"max-video-preview:-1"},"canonical":"https:\/\/samuelperche.com\/fr\/peintures\/autoportrait-3\/","og_locale":"fr_FR","og_type":"article","og_title":"Autoportrait 3 &#8211; Samuel Perche","og_description":"Retrouvez Autoportrait 3, une peinture r\u00e9alis\u00e9e par Samuel Perche. Cette \u0153uvre est disponible \u00e0 l'achat dans la boutique en ligne.","og_url":"https:\/\/samuelperche.com\/fr\/peintures\/autoportrait-3\/","og_site_name":"Samuel Perche","article_modified_time":"2025-05-22T14:28:29+00:00","og_image":[{"width":1200,"height":1500,"url":"https:\/\/samuelperche.com\/wp-content\/uploads\/2024\/08\/Autoportrait-3.jpg","type":"image\/jpeg"}],"twitter_card":"summary_large_image","twitter_misc":{"Dur\u00e9e de lecture estim\u00e9e":"3 minutes"},"schema":{"@context":"https:\/\/schema.org","@graph":[{"@type":"WebPage","@id":"https:\/\/samuelperche.com\/fr\/peintures\/autoportrait-3\/","url":"https:\/\/samuelperche.com\/fr\/peintures\/autoportrait-3\/","name":"Autoportrait 3 &#8211; Samuel Perche","isPartOf":{"@id":"https:\/\/samuelperche.com\/#website"},"primaryImageOfPage":{"@id":"https:\/\/samuelperche.com\/fr\/peintures\/autoportrait-3\/#primaryimage"},"image":{"@id":"https:\/\/samuelperche.com\/fr\/peintures\/autoportrait-3\/#primaryimage"},"thumbnailUrl":"https:\/\/samuelperche.com\/wp-content\/uploads\/2024\/08\/Autoportrait-3.jpg","datePublished":"2024-08-29T21:00:27+00:00","dateModified":"2025-05-22T14:28:29+00:00","description":"Retrouvez Autoportrait 3, une peinture r\u00e9alis\u00e9e par Samuel Perche. Cette \u0153uvre est disponible \u00e0 l'achat dans la boutique en ligne.","breadcrumb":{"@id":"https:\/\/samuelperche.com\/fr\/peintures\/autoportrait-3\/#breadcrumb"},"inLanguage":"fr-FR","potentialAction":[{"@type":"ReadAction","target":["https:\/\/samuelperche.com\/fr\/peintures\/autoportrait-3\/"]}]},{"@type":"ImageObject","inLanguage":"fr-FR","@id":"https:\/\/samuelperche.com\/fr\/peintures\/autoportrait-3\/#primaryimage","url":"https:\/\/samuelperche.com\/wp-content\/uploads\/2024\/08\/Autoportrait-3.jpg","contentUrl":"https:\/\/samuelperche.com\/wp-content\/uploads\/2024\/08\/Autoportrait-3.jpg","width":1200,"height":1500,"caption":"Acrylique sur toile, 120x90 cm, 2021"},{"@type":"BreadcrumbList","@id":"https:\/\/samuelperche.com\/fr\/peintures\/autoportrait-3\/#breadcrumb","itemListElement":[{"@type":"ListItem","position":1,"name":"Accueil","item":"https:\/\/samuelperche.com\/"},{"@type":"ListItem","position":2,"name":"Peintures","item":"https:\/\/samuelperche.com\/fr\/peintures\/"},{"@type":"ListItem","position":3,"name":"Autoportrait 3"}]},{"@type":"WebSite","@id":"https:\/\/samuelperche.com\/#website","url":"https:\/\/samuelperche.com\/","name":"Samuel Perche","description":"Artiste queer","publisher":{"@id":"https:\/\/samuelperche.com\/#\/schema\/person\/89bf2b3a24aec0e915e96350a12fd09c"},"potentialAction":[{"@type":"SearchAction","target":{"@type":"EntryPoint","urlTemplate":"https:\/\/samuelperche.com\/?s={search_term_string}"},"query-input":{"@type":"PropertyValueSpecification","valueRequired":true,"valueName":"search_term_string"}}],"inLanguage":"fr-FR"},{"@type":["Person","Organization"],"@id":"https:\/\/samuelperche.com\/#\/schema\/person\/89bf2b3a24aec0e915e96350a12fd09c","name":"Samuel","image":{"@type":"ImageObject","inLanguage":"fr-FR","@id":"https:\/\/samuelperche.com\/wp-content\/uploads\/2024\/08\/Sam-photo-Profil-copie.jpg","url":"https:\/\/samuelperche.com\/wp-content\/uploads\/2024\/08\/Sam-photo-Profil-copie.jpg","contentUrl":"https:\/\/samuelperche.com\/wp-content\/uploads\/2024\/08\/Sam-photo-Profil-copie.jpg","width":750,"height":750,"caption":"Samuel"},"logo":{"@id":"https:\/\/samuelperche.com\/wp-content\/uploads\/2024\/08\/Sam-photo-Profil-copie.jpg"},"sameAs":["https:\/\/samuelperche.com"]}]}},"_links":{"self":[{"href":"https:\/\/samuelperche.com\/fr\/wp-json\/wp\/v2\/pages\/2402","targetHints":{"allow":["GET"]}}],"collection":[{"href":"https:\/\/samuelperche.com\/fr\/wp-json\/wp\/v2\/pages"}],"about":[{"href":"https:\/\/samuelperche.com\/fr\/wp-json\/wp\/v2\/types\/page"}],"author":[{"embeddable":true,"href":"https:\/\/samuelperche.com\/fr\/wp-json\/wp\/v2\/users\/3"}],"replies":[{"embeddable":true,"href":"https:\/\/samuelperche.com\/fr\/wp-json\/wp\/v2\/comments?post=2402"}],"version-history":[{"count":25,"href":"https:\/\/samuelperche.com\/fr\/wp-json\/wp\/v2\/pages\/2402\/revisions"}],"predecessor-version":[{"id":5850,"href":"https:\/\/samuelperche.com\/fr\/wp-json\/wp\/v2\/pages\/2402\/revisions\/5850"}],"up":[{"embeddable":true,"href":"https:\/\/samuelperche.com\/fr\/wp-json\/wp\/v2\/pages\/2114"}],"wp:featuredmedia":[{"embeddable":true,"href":"https:\/\/samuelperche.com\/fr\/wp-json\/wp\/v2\/media\/2215"}],"wp:attachment":[{"href":"https:\/\/samuelperche.com\/fr\/wp-json\/wp\/v2\/media?parent=2402"}],"curies":[{"name":"wp","href":"https:\/\/api.w.org\/{rel}","templated":true}]}}